{"id":77,"date":"2021-11-01T13:54:04","date_gmt":"2021-11-01T13:54:04","guid":{"rendered":"https:\/\/verbum.unibuc.ro\/?page_id=77"},"modified":"2025-12-12T08:56:19","modified_gmt":"2025-12-12T08:56:19","slug":"test","status":"publish","type":"page","link":"https:\/\/verbum.unibuc.ro\/","title":{"rendered":"Despre Verbum"},"content":{"rendered":"<p><em>Verbum. Revist\u0103 de Teologie Catolic\u0103<\/em> se \u00eenscrie \u00een tradi\u0163ia editorial\u0103 inaugurat\u0103 la Bucure\u015fti de Revista Catolic\u0103, \u00een care au publicat, \u00eentre 1912 \u015fi 1916, teologi \u015fi intelectuali catolici precum Arhiepiscopul Raymund Netzhammer, Fericitul Vladimir Ghika, Carol Auner, Mariu Theodorian-Carada, C.I. Filitti sau Fericitul Anton Durcovici. \u00cen 1990, la ini\u0163iativa Arhiepiscopului Ioan Robu, tradi\u0163ia a fost reluat\u0103 de <em>Revista Catolic\u0103 Verbum<\/em>, ce a ap\u0103rut p\u00e2n\u0103 \u00een 1996 \u015fi la care au contribuit, printre al\u0163ii, Ion Ghe\u0163ie, Petre \u015e. N\u0103sturel sau Violeta Barbu. Din 2001 \u015fi p\u00e2n\u0103 \u00een 2018, Caietele Institutului Catolic. <em>Revista Facult\u0103\u0163ii de Teologie Romano-Catolic\u0103<\/em> au conferit reflec\u021biei teologice catolice o vizibilitate sporit\u0103 \u00een mediul academic bucure\u015ftean.<\/p>\n<p>Revista este indexat\u0103 <a href=\"https:\/\/www.ceeol.com\/search\/journal-detail?id=4454\">CEEOL<\/a><\/p>\n<p>ISSN (online) 3100-4318<br \/>\nISSN-L 2734-5041<\/p>\n","protected":false},"excerpt":{"rendered":"<p>Verbum. Revist\u0103 de Teologie Catolic\u0103 se \u00eenscrie \u00een tradi\u0163ia editorial\u0103 inaugurat\u0103 la Bucure\u015fti de Revista&#8230;<\/p>\n","protected":false},"author":2,"featured_media":0,"parent":0,"menu_order":0,"comment_status":"closed","ping_status":"closed","template":"","meta":{"footnotes":""},"class_list":["post-77","page","type-page","status-publish","hentry"],"_links":{"self":[{"href":"https:\/\/verbum.unibuc.ro\/index.php?rest_route=\/wp\/v2\/pages\/77","targetHints":{"allow":["GET"]}}],"collection":[{"href":"https:\/\/verbum.unibuc.ro\/index.php?rest_route=\/wp\/v2\/pages"}],"about":[{"href":"https:\/\/verbum.unibuc.ro\/index.php?rest_route=\/wp\/v2\/types\/page"}],"author":[{"embeddable":true,"href":"https:\/\/verbum.unibuc.ro\/index.php?rest_route=\/wp\/v2\/users\/2"}],"replies":[{"embeddable":true,"href":"https:\/\/verbum.unibuc.ro\/index.php?rest_route=%2Fwp%2Fv2%2Fcomments&post=77"}],"version-history":[{"count":7,"href":"https:\/\/verbum.unibuc.ro\/index.php?rest_route=\/wp\/v2\/pages\/77\/revisions"}],"predecessor-version":[{"id":244,"href":"https:\/\/verbum.unibuc.ro\/index.php?rest_route=\/wp\/v2\/pages\/77\/revisions\/244"}],"wp:attachment":[{"href":"https:\/\/verbum.unibuc.ro\/index.php?rest_route=%2Fwp%2Fv2%2Fmedia&parent=77"}],"curies":[{"name":"wp","href":"https:\/\/api.w.org\/{rel}","templated":true}]}}